{"id":27,"date":"2014-02-14T16:51:59","date_gmt":"2014-02-14T14:51:59","guid":{"rendered":"http:\/\/schenkenburg.wepro.net\/?page_id=27"},"modified":"2014-02-14T16:51:59","modified_gmt":"2014-02-14T14:51:59","slug":"der-palas","status":"publish","type":"page","link":"https:\/\/schenkenburg.de\/index.php\/die-burg\/der-palas\/","title":{"rendered":"Der Palas"},"content":{"rendered":"<p><b><i>Der Palas (I)<img loading=\"lazy\" decoding=\"async\" id=\"Picture1\" alt=\"\" src=\"http:\/\/schenkenburg.de\/assets\/images\/schenkenburglas1.JPG\" width=\"195\" height=\"350\" align=\"RIGHT\" border=\"0\" hspace=\"10\" vspace=\"10\" \/><\/i><\/b><br \/>\nDie Ruine des hohen Palas ist f\u00fcr den Besucher von besonderem Reiz. Sie ist noch recht gut erhalten. Der beschr\u00e4nkte Innenraum von 6,50 x 8,00 m im Grundri\u00df, erforderte den Bau eines Wohnturms. Seine W\u00e4nde sind aus Granitbruchsteinen gebaut und in ihrer Ausf\u00fchrung mit etwa 2 m St\u00e4rke massiv, da er zur Verteidigung bestimmt war. Er ragt auch heute noch 16 m in die H\u00f6he. An der Ruine lassen sich noch f\u00fcnf Geschosse unterscheiden. Ihre Abs\u00e4tze sind durch Kargsteine f\u00fcr die Balken angedeutet. Der unterste, niedrige Raum besitzt in den starken Au\u00dfenmauern einfache Luftschlitze mit 10 x 60 cm Ausma\u00df und diente als Keller. Von dem bereits erw\u00e4hnten kleinen Burghof f\u00fchrte eine Freitreppe in das Erdgescho\u00df. In diesem befinden sich zwei Schie\u00dfscharten gegen den Graben und drei weiter gegen den inneren Zwinger. Sie dienten sowohl als Armbrustscharten als auch zur Verwendung mit Handfeuerwaffen, da in ihren Leibungen noch die L\u00f6cher f\u00fcr die Auflagerkl\u00f6tze zu sehen sind.Das Stockwerk \u00fcber dem Erdgescho\u00df diente als Wohnung. Daf\u00fc sprechen die gro\u00dfen Rundbogenfenster von 1,5 x 1,05 m Ausma\u00df. Desweiteren befinden sich dort noch Anzeichen f\u00fcr einen Kamin, soda\u00df sich hier wohl auch die K\u00fcche befand. Das n\u00e4chste Stockwerk bestand nur aus einem einzigen Raum, dem Rittersaal. \u00dcber ihm befand sich ein weiterer Wohnstock. Dar\u00fcber fand unter dem steilen Satteldach noch ein Speicher- und Bodenraum Platz. Der Bergfried und der Palas wurden im romanischen Baustil in der ersten H\u00e4lfte des 13. Jahrhunderts errichtet. Weitere Wohnr\u00e4ume befanden sich in den oberen Stockwerken im Wirtschaftsgeb\u00e4ude.<\/p>\n<table width=\"100%\" border=\"0\" cellspacing=\"10\" cellpadding=\"0\">\n<tbody>\n<tr>\n<td align=\"CENTER\"><img loading=\"lazy\" decoding=\"async\" id=\"Picture2\" alt=\"\" src=\"http:\/\/schenkenburg.de\/assets\/images\/schenkenburglas.JPG\" width=\"334\" height=\"198\" border=\"0\" \/><\/td>\n<\/tr>\n<\/tbody>\n<\/table>\n","protected":false},"excerpt":{"rendered":"<p>Der Palas (I) Die Ruine des hohen Palas ist f\u00fcr den Besucher von besonderem Reiz. Sie ist noch recht gut erhalten. Der beschr\u00e4nkte Innenraum von 6,50 x 8,00 m im Grundri\u00df, erforderte den Bau eines Wohnturms. Seine W\u00e4nde sind aus Granitbruchsteinen gebaut und in ihrer Ausf\u00fchrung mit etwa 2 m St\u00e4rke massiv, da er zur [&hellip;]<\/p>\n","protected":false},"author":1,"featured_media":0,"parent":9,"menu_order":0,"comment_status":"closed","ping_status":"closed","template":"page-templates\/full-width.php","meta":{"footnotes":""},"class_list":["post-27","page","type-page","status-publish","hentry"],"_links":{"self":[{"href":"https:\/\/schenkenburg.de\/index.php\/wp-json\/wp\/v2\/pages\/27","targetHints":{"allow":["GET"]}}],"collection":[{"href":"https:\/\/schenkenburg.de\/index.php\/wp-json\/wp\/v2\/pages"}],"about":[{"href":"https:\/\/schenkenburg.de\/index.php\/wp-json\/wp\/v2\/types\/page"}],"author":[{"embeddable":true,"href":"https:\/\/schenkenburg.de\/index.php\/wp-json\/wp\/v2\/users\/1"}],"replies":[{"embeddable":true,"href":"https:\/\/schenkenburg.de\/index.php\/wp-json\/wp\/v2\/comments?post=27"}],"version-history":[{"count":0,"href":"https:\/\/schenkenburg.de\/index.php\/wp-json\/wp\/v2\/pages\/27\/revisions"}],"up":[{"embeddable":true,"href":"https:\/\/schenkenburg.de\/index.php\/wp-json\/wp\/v2\/pages\/9"}],"wp:attachment":[{"href":"https:\/\/schenkenburg.de\/index.php\/wp-json\/wp\/v2\/media?parent=27"}],"curies":[{"name":"wp","href":"https:\/\/api.w.org\/{rel}","templated":true}]}}